{"id":8440,"date":"2022-05-02T10:00:42","date_gmt":"2022-05-02T08:00:42","guid":{"rendered":"https:\/\/eifm.eu\/unsere-geschichte\/"},"modified":"2022-05-02T11:57:43","modified_gmt":"2022-05-02T09:57:43","slug":"unsere-geschichte","status":"publish","type":"page","link":"https:\/\/eifm.eu\/de\/unsere-geschichte\/","title":{"rendered":"Unsere Geschichte"},"content":{"rendered":"\t\t<div data-elementor-type=\"wp-page\" data-elementor-id=\"8440\" class=\"elementor elementor-8440\">\n\t\t\t\t\t\t\t        <section class=\"elementor-section elementor-top-section elementor-element elementor-element-9db9e6a elementor-section-stretched elementor-section-content-middle elementor-section-boxed elementor-section-height-default elementor-section-height-default\" data-id=\"9db9e6a\" data-element_type=\"section\" data-settings=\"{&quot;stretch_section&quot;:&quot;section-stretched&quot;,&quot;background_background&quot;:&quot;classic&quot;}\">\n            \n                        <div class=\"elementor-container elementor-column-gap-extended \">\n                    <div class=\"elementor-column elementor-col-50 elementor-top-column elementor-element elementor-element-30bd116\" data-id=\"30bd116\" data-element_type=\"column\">\n            <div class=\"elementor-widget-wrap elementor-element-populated\">\n                        \t\t<div class=\"elementor-element elementor-element-1f00c46 elementor-widget elementor-widget-ct_heading\" data-id=\"1f00c46\" data-element_type=\"widget\" data-widget_type=\"ct_heading.default\">\n\t\t\t\t<div class=\"elementor-widget-container\">\n\t\t\t<div class=\"ct-heading h-align- item-st-default\">\r\n\t\t\t<div class=\"item--sub-title style-default\">\r\n            <span>\r\n                Unsere Geschichte            <\/span>\r\n        <\/div>\r\n\t    <h3 class=\"item--title case-animate-time st-default \" data-wow-delay=\"ms\">\r\n        <span>Geschichte des EIFM<\/span>    <\/h3>\r\n<\/div>\r\n\r\n\t\t<\/div>\n\t\t\t\t<\/div>\n\t\t\t\t<div class=\"elementor-element elementor-element-a7cb094 elementor-widget elementor-widget-ct_text_editor\" data-id=\"a7cb094\" data-element_type=\"widget\" data-widget_type=\"ct_text_editor.default\">\n\t\t\t\t<div class=\"elementor-widget-container\">\n\t\t\t<div id=\"ct_text_editor-a7cb094\" class=\"ct-text-editor \" data-wow-delay=\"ms\">\n\t<div class=\"ct-inline-css\"  data-css=\"\n        \t\t\">\n\n    <\/div>\n\t<div class=\"ct-text-editor elementor-clearfix\">\n\t\t<p>Die beiden Gr\u00fcnder des European Institute of Finance &amp; Management hatten den Wunsch, eine Bildungseinrichtung zu gr\u00fcnden, die einen praxisnahen und effizienten Unterricht mit der M\u00f6glichkeit eines Studiums in der ganzen Welt bietet. Heute kann unsere Bildungseinrichtung auf eine mehr als 30-j\u00e4hrige Tradition zur\u00fcckblicken und hat in dieser Zeit mehr als 20.000 Studenten aus aller Welt die M\u00f6glichkeit gegeben, ihre Talente zu entwickeln und sich das Wissen und die F\u00e4higkeiten anzueignen, die sie heute in die F\u00fchrungsetagen der gr\u00f6\u00dften globalen Unternehmen bringen.<\/p><p>Das gesamte Lernsystem ist auf die aktuellen Themen der globalen Wirtschaft zugeschnitten, und vor allem schaffen unsere fachkundigen Dozenten und Tutoren ein anregendes Umfeld f\u00fcr unsere Studenten, in dem sie ihre F\u00e4higkeiten, ihre F\u00fchrungsqualit\u00e4ten und ihre Entscheidungsf\u00e4higkeit entwickeln k\u00f6nnen.<\/p>\t\t\n\t<\/div>\n<\/div>\t\t<\/div>\n\t\t\t\t<\/div>\n\t\t            <\/div>\n        <\/div>\n                <div class=\"elementor-column elementor-col-50 elementor-top-column elementor-element elementor-element-defeb10\" data-id=\"defeb10\" data-element_type=\"column\">\n            <div class=\"elementor-widget-wrap elementor-element-populated\">\n                        \t\t<div class=\"elementor-element elementor-element-2c647b3 elementor-widget elementor-widget-ct_banner\" data-id=\"2c647b3\" data-element_type=\"widget\" data-widget_type=\"ct_banner.default\">\n\t\t\t\t<div class=\"elementor-widget-container\">\n\t\t\t\t<div class=\"ct-banner1\">\r\n\t\t<div class=\"ct-banner-inner\">\r\n\t\t\t<img decoding=\"async\" width=\"1200\" height=\"1799\" src=\"https:\/\/eifm.eu\/wp-content\/uploads\/2022\/04\/kantoorruimte_huren_uihvd.jpeg\" class=\"ct-banner-image1 attachment-full\" alt=\"\" \/>\t\t\t<div class=\"ct-banner-meta\">\r\n\t\t\t\t<div class=\"ct-banner-meta-inner wow fadeInRight\">\r\n\t\t\t\t\t<div class=\"ct-banner-number\">\r\n\t\t\t\t\t\t<span class=\"ct-counter-number-value\" data-duration=\"2000\" data-to-value=\"30\" data-delimiter=\".\">0<\/span>\r\n\t\t\t\t\t\t\t\t\t\t\t\t\t<span>+<\/span>\r\n\t\t\t\t\t\t\t\t\t\t\t<\/div>\r\n\t\t\t\t\t<div class=\"ct-banner-title\">Jahre auf dem Markt<\/div>\r\n\t\t\t\t<\/div>\r\n\t\t\t<\/div>\r\n\t\t<\/div>\r\n\t<\/div>\r\n\t\t<\/div>\n\t\t\t\t<\/div>\n\t\t            <\/div>\n        <\/div>\n                            <\/div>\n        <\/section>\n                <section class=\"elementor-section elementor-top-section elementor-element elementor-element-5f3280a elementor-section-boxed elementor-section-height-default elementor-section-height-default\" data-id=\"5f3280a\" data-element_type=\"section\">\n            \n                        <div class=\"elementor-container elementor-column-gap-extended \">\n                    <div class=\"elementor-column elementor-col-100 elementor-top-column elementor-element elementor-element-0a2fe8b\" data-id=\"0a2fe8b\" data-element_type=\"column\">\n            <div class=\"elementor-widget-wrap elementor-element-populated\">\n                        \t\t<div class=\"elementor-element elementor-element-c3c03c4 elementor-widget elementor-widget-ct_history\" data-id=\"c3c03c4\" data-element_type=\"widget\" data-widget_type=\"ct_history.default\">\n\t\t\t\t<div class=\"elementor-widget-container\">\n\t\t\t    <div class=\"ct-history ct-history-carousel1 ct-slick-slider\">\r\n        <div class=\"ct-carousel-inner\">\r\n            <div class=\"ct-slick-carousel\" data-arrows=\"true\" data-dots=\"\" data-pauseOnHover=\"\" data-autoplay=\"\" data-autoplaySpeed=\"5000\" data-infinite=\"true\" data-speed=\"500\" data-colxs=\"1\" data-colsm=\"2\" data-colmd=\"3\" data-collg=\"4\" data-colxl=\"4\" data-dir=\"false\" data-slidesToScroll=\"1\">\r\n                                        <div class=\"slick-slide\">\r\n                            <div id=\"ct_history-c3c03c40\" class=\"item--inner wow flipInY\">\r\n                                <div class=\"ct-inline-css\"  data-css=\"\r\n                                                                            .ct-history #ct_history-c3c03c40 .item--year {\r\n                                            background-color: #4086E8;\r\n                                        }\r\n                                        .ct-history #ct_history-c3c03c40 .item--year:before {\r\n                                            border-color: transparent transparent transparent #4086E8;\r\n                                        }\r\n                                        .ct-history #ct_history-c3c03c40 .item--year span:before {\r\n                                            border-color: #4086E8 #4086E8 transparent transparent;\r\n                                        }\r\n                                        .ct-history #ct_history-c3c03c40 .item--year span:after {\r\n                                            border-color: transparent #4086E8 #4086E8 transparent;\r\n                                        }\r\n                                    \">\r\n                                <\/div>\r\n                                                                    <div class=\"item--image\">\r\n                                        <div class=\"item--mask bg-image\" style=\"background-image: url(https:\/\/eifm.eu\/wp-content\/uploads\/2022\/04\/GetPaidStock.com-624c30e94ed21-113x128.jpg);\"><\/div>\r\n                                    <\/div>\r\n                                                                <div class=\"item--holder\">\r\n                                    <div class=\"item--year\">\r\n                                        <span>1987<\/span>\r\n                                    <\/div>\r\n                                    <h3 class=\"item--title\">    \r\n                                        Gr\u00fcndung des Instituts                                    <\/h3>\r\n                                    <div class=\"item--description\">Das Jahr, in dem die ersten Studenten unseren Campus betraten. Wir begannen mit der Durchf\u00fchrung von Vollzeit-MBA-Programmen, die es den ersten Interessenten erm\u00f6glichten, ihre Ausbildung in Form eines Postgraduiertenstudiums fortzusetzen.<\/div>\r\n                                <\/div>\r\n                            <\/div>\r\n                        <\/div>\r\n                                        <div class=\"slick-slide\">\r\n                            <div id=\"ct_history-c3c03c41\" class=\"item--inner wow flipInY\">\r\n                                <div class=\"ct-inline-css\"  data-css=\"\r\n                                                                            .ct-history #ct_history-c3c03c41 .item--year {\r\n                                            background-color: #2267C8;\r\n                                        }\r\n                                        .ct-history #ct_history-c3c03c41 .item--year:before {\r\n                                            border-color: transparent transparent transparent #2267C8;\r\n                                        }\r\n                                        .ct-history #ct_history-c3c03c41 .item--year span:before {\r\n                                            border-color: #2267C8 #2267C8 transparent transparent;\r\n                                        }\r\n                                        .ct-history #ct_history-c3c03c41 .item--year span:after {\r\n                                            border-color: transparent #2267C8 #2267C8 transparent;\r\n                                        }\r\n                                    \">\r\n                                <\/div>\r\n                                                                    <div class=\"item--image\">\r\n                                        <div class=\"item--mask bg-image\" style=\"background-image: url(https:\/\/eifm.eu\/wp-content\/uploads\/2022\/04\/Unknown-113x128.jpeg);\"><\/div>\r\n                                    <\/div>\r\n                                                                <div class=\"item--holder\">\r\n                                    <div class=\"item--year\">\r\n                                        <span>1994<\/span>\r\n                                    <\/div>\r\n                                    <h3 class=\"item--title\">    \r\n                                        Erstes MBA-Programm                                    <\/h3>\r\n                                    <div class=\"item--description\">In diesem Jahr haben wir unsere ersten MBA-Fernstudieng\u00e4nge er\u00f6ffnet. Wir haben erkannt, dass die Zeit eines jeden Menschen begrenzt ist und daher effizient genutzt werden muss. <\/div>\r\n                                <\/div>\r\n                            <\/div>\r\n                        <\/div>\r\n                                        <div class=\"slick-slide\">\r\n                            <div id=\"ct_history-c3c03c42\" class=\"item--inner wow flipInY\">\r\n                                <div class=\"ct-inline-css\"  data-css=\"\r\n                                                                            .ct-history #ct_history-c3c03c42 .item--year {\r\n                                            background-color: #2059A9;\r\n                                        }\r\n                                        .ct-history #ct_history-c3c03c42 .item--year:before {\r\n                                            border-color: transparent transparent transparent #2059A9;\r\n                                        }\r\n                                        .ct-history #ct_history-c3c03c42 .item--year span:before {\r\n                                            border-color: #2059A9 #2059A9 transparent transparent;\r\n                                        }\r\n                                        .ct-history #ct_history-c3c03c42 .item--year span:after {\r\n                                            border-color: transparent #2059A9 #2059A9 transparent;\r\n                                        }\r\n                                    \">\r\n                                <\/div>\r\n                                                                    <div class=\"item--image\">\r\n                                        <div class=\"item--mask bg-image\" style=\"background-image: url(https:\/\/eifm.eu\/wp-content\/uploads\/2022\/04\/doing-business-under-an-assumed-name-sm-113x128.jpeg);\"><\/div>\r\n                                    <\/div>\r\n                                                                <div class=\"item--holder\">\r\n                                    <div class=\"item--year\">\r\n                                        <span>2001<\/span>\r\n                                    <\/div>\r\n                                    <h3 class=\"item--title\">    \r\n                                        Ausweitung der Akkreditierung auf DBA- und MIM-Programme                                    <\/h3>\r\n                                    <div class=\"item--description\">Das wachsende Interesse an der postgradualen Ausbildung ging einher mit dem Interesse an anderen Ausbildungsprogrammen als dem MBA. Daher arbeiten wir seit einigen Jahren an der Schaffung von Bildungsbl\u00f6cken, die sich sowohl auf den DBA als auch auf den MiM beziehen w\u00fcrden. <\/div>\r\n                                <\/div>\r\n                            <\/div>\r\n                        <\/div>\r\n                                        <div class=\"slick-slide\">\r\n                            <div id=\"ct_history-c3c03c43\" class=\"item--inner wow flipInY\">\r\n                                <div class=\"ct-inline-css\"  data-css=\"\r\n                                                                            .ct-history #ct_history-c3c03c43 .item--year {\r\n                                            background-color: #15396C;\r\n                                        }\r\n                                        .ct-history #ct_history-c3c03c43 .item--year:before {\r\n                                            border-color: transparent transparent transparent #15396C;\r\n                                        }\r\n                                        .ct-history #ct_history-c3c03c43 .item--year span:before {\r\n                                            border-color: #15396C #15396C transparent transparent;\r\n                                        }\r\n                                        .ct-history #ct_history-c3c03c43 .item--year span:after {\r\n                                            border-color: transparent #15396C #15396C transparent;\r\n                                        }\r\n                                    \">\r\n                                <\/div>\r\n                                                                    <div class=\"item--image\">\r\n                                        <div class=\"item--mask bg-image\" style=\"background-image: url(https:\/\/eifm.eu\/wp-content\/uploads\/2022\/04\/GetPaidStock.com-624c2e7c85210-113x128.jpg);\"><\/div>\r\n                                    <\/div>\r\n                                                                <div class=\"item--holder\">\r\n                                    <div class=\"item--year\">\r\n                                        <span>2019<\/span>\r\n                                    <\/div>\r\n                                    <h3 class=\"item--title\">    \r\n                                        Beginn des Online-Lernens                                    <\/h3>\r\n                                    <div class=\"item--description\">2019 hat gro\u00dfe Ver\u00e4nderungen mit sich gebracht. Vor mehr als 30 Jahren verfolgten die Gr\u00fcnder das Ziel, allen Sch\u00fclern auf der ganzen Welt den Zugang zu Bildung zu erm\u00f6glichen. <\/div>\r\n                                <\/div>\r\n                            <\/div>\r\n                        <\/div>\r\n                            <\/div>\r\n        <\/div>\r\n    <\/div>\r\n\t\t<\/div>\n\t\t\t\t<\/div>\n\t\t            <\/div>\n        <\/div>\n                            <\/div>\n        <\/section>\n                <section class=\"elementor-section elementor-top-section elementor-element elementor-element-671d2b0d elementor-section-stretched elementor-section-boxed elementor-section-height-default elementor-section-height-default\" data-id=\"671d2b0d\" data-element_type=\"section\" data-settings=\"{&quot;stretch_section&quot;:&quot;section-stretched&quot;,&quot;background_background&quot;:&quot;classic&quot;}\">\n            \n                        <div class=\"elementor-container elementor-column-gap-extended \">\n                    <div class=\"elementor-column elementor-col-100 elementor-top-column elementor-element elementor-element-69468bac\" data-id=\"69468bac\" data-element_type=\"column\">\n            <div class=\"elementor-widget-wrap elementor-element-populated\">\n                        \t\t<div class=\"elementor-element elementor-element-99352c2 elementor-widget elementor-widget-ct_heading\" data-id=\"99352c2\" data-element_type=\"widget\" data-widget_type=\"ct_heading.default\">\n\t\t\t\t<div class=\"elementor-widget-container\">\n\t\t\t<div class=\"ct-heading h-align- item-st-default\">\r\n\t\t\t<div class=\"item--sub-title style-default\">\r\n            <span>\r\n                Unsere Geschichte            <\/span>\r\n        <\/div>\r\n\t    <h3 class=\"item--title case-animate-time st-default \" data-wow-delay=\"ms\">\r\n        <span>History of the EIFM<\/span>    <\/h3>\r\n<\/div>\r\n\r\n\t\t<\/div>\n\t\t\t\t<\/div>\n\t\t\t\t<div class=\"elementor-element elementor-element-4d07eeb elementor-widget elementor-widget-text-editor\" data-id=\"4d07eeb\" data-element_type=\"widget\" data-widget_type=\"text-editor.default\">\n\t\t\t\t<div class=\"elementor-widget-container\">\n\t\t\t<style>\/*! elementor - v3.6.0 - 21-03-2022 *\/\n.elementor-widget-text-editor.elementor-drop-cap-view-stacked .elementor-drop-cap{background-color:#818a91;color:#fff}.elementor-widget-text-editor.elementor-drop-cap-view-framed .elementor-drop-cap{color:#818a91;border:3px solid;background-color:transparent}.elementor-widget-text-editor:not(.elementor-drop-cap-view-default) .elementor-drop-cap{margin-top:8px}.elementor-widget-text-editor:not(.elementor-drop-cap-view-default) .elementor-drop-cap-letter{width:1em;height:1em}.elementor-widget-text-editor .elementor-drop-cap{float:left;text-align:center;line-height:1;font-size:50px}.elementor-widget-text-editor .elementor-drop-cap-letter{display:inline-block}<\/style>\t\t\t\t<h2>1987<\/h2><p>Das Jahr, in dem die ersten Studenten unseren Campus betraten. Wir begannen mit der Durchf\u00fchrung von Vollzeit-MBA-Programmen, die es den ersten Interessenten erm\u00f6glichten, ihre Ausbildung in Form eines Postgraduiertenstudiums fortzusetzen.<\/p><h2>1994<\/h2><p>In diesem Jahr haben wir unsere ersten MBA-Fernstudieng\u00e4nge er\u00f6ffnet. Wir haben erkannt, dass die Zeit eines jeden Menschen begrenzt ist und daher effizient verwaltet werden muss. F\u00fcr viele unserer Studenten haben wir eine neue Studienoption er\u00f6ffnet, die es ihnen erm\u00f6glicht, ihre Arbeitsbelastung mit der Entwicklung ihrer erworbenen F\u00e4higkeiten zu verbinden und gleichzeitig zu arbeiten und zu studieren.<\/p><h2>2001<\/h2><p>Das wachsende Interesse an der postgradualen Ausbildung ging einher mit dem Interesse an anderen Ausbildungsprogrammen als dem MBA. Daher arbeiten wir seit mehreren Jahren an der Schaffung von Bildungsbl\u00f6cken, die sowohl f\u00fcr den DBA als auch f\u00fcr den MiM gelten sollen. Wir haben nicht nur unseren Bestand an Fachdozenten erweitert, sondern auch neue akkreditierte Programme akquiriert und damit unser Bildungsangebot erweitert.<\/p><h2>2019<\/h2><p>2019 hat gro\u00dfe Ver\u00e4nderungen mit sich gebracht. Vor mehr als 30 Jahren verfolgten die Gr\u00fcnder das Ziel, Bildung f\u00fcr alle Studierenden auf der ganzen Welt so zug\u00e4nglich wie m\u00f6glich zu machen. Unsere langj\u00e4hrigen Bem\u00fchungen in dieser Richtung fanden in diesem Jahr ihren H\u00f6hepunkt, als wir alle von uns angebotenen Studieng\u00e4nge im Fernstudium akkreditieren konnten. Ab 2019 k\u00f6nnen sich Studierende aus aller Welt bei uns bewerben, ohne f\u00fcr ihr Studium reisen zu m\u00fcssen, und wir haben inzwischen ein Netzwerk mit Absolventen aus mehr als 100 L\u00e4ndern aufgebaut.<\/p>\t\t\t\t\t\t<\/div>\n\t\t\t\t<\/div>\n\t\t            <\/div>\n        <\/div>\n                            <\/div>\n        <\/section>\n        \t\t\t\t\t<\/div>\n\t\t","protected":false},"excerpt":{"rendered":"<p>Unsere Geschichte Geschichte des EIFM Die beiden Gr\u00fcnder des European Institute of Finance &amp; Management hatten den Wunsch, eine Bildungseinrichtung zu gr\u00fcnden, die einen praxisnahen und effizienten Unterricht mit der M\u00f6glichkeit eines Studiums in der ganzen Welt bietet. Heute kann unsere Bildungseinrichtung auf eine mehr als 30-j\u00e4hrige Tradition zur\u00fcckblicken und hat in dieser Zeit mehr [&hellip;]<\/p>\n","protected":false},"author":1,"featured_media":0,"parent":0,"menu_order":0,"comment_status":"closed","ping_status":"closed","template":"","meta":{"_mi_skip_tracking":false,"_monsterinsights_sitenote_active":false,"_monsterinsights_sitenote_note":"","_monsterinsights_sitenote_category":0},"yoast_head":"<!-- This site is optimized with the Yoast SEO Premium plugin v16.1 - https:\/\/yoast.com\/wordpress\/plugins\/seo\/ -->\n<title>Unsere Geschichte - European Institute of Finance and Management<\/title>\n<link rel=\"canonical\" href=\"https:\/\/eifm.eu\/de\/unsere-geschichte\/\" \/>\n<meta property=\"og:locale\" content=\"de_DE\" \/>\n<meta property=\"og:type\" content=\"article\" \/>\n<meta property=\"og:title\" content=\"Unsere Geschichte - European Institute of Finance and Management\" \/>\n<meta property=\"og:description\" content=\"Unsere Geschichte Geschichte des EIFM Die beiden Gr\u00fcnder des European Institute of Finance &amp; Management hatten den Wunsch, eine Bildungseinrichtung zu gr\u00fcnden, die einen praxisnahen und effizienten Unterricht mit der M\u00f6glichkeit eines Studiums in der ganzen Welt bietet. Heute kann unsere Bildungseinrichtung auf eine mehr als 30-j\u00e4hrige Tradition zur\u00fcckblicken und hat in dieser Zeit mehr [&hellip;]\" \/>\n<meta property=\"og:url\" content=\"https:\/\/eifm.eu\/de\/unsere-geschichte\/\" \/>\n<meta property=\"og:site_name\" content=\"European Institute of Finance and Management\" \/>\n<meta property=\"article:publisher\" content=\"https:\/\/www.facebook.com\/EIFM.eu\/\" \/>\n<meta property=\"article:modified_time\" content=\"2022-05-02T09:57:43+00:00\" \/>\n<meta property=\"og:image\" content=\"https:\/\/eifm.eu\/wp-content\/uploads\/2022\/04\/kantoorruimte_huren_uihvd.jpeg\" \/>\n<meta name=\"twitter:card\" content=\"summary_large_image\" \/>\n<meta name=\"twitter:label1\" content=\"Gesch\u00e4tzte Lesezeit\">\n\t<meta name=\"twitter:data1\" content=\"3 Minuten\">\n<script type=\"application\/ld+json\" class=\"yoast-schema-graph\">{\"@context\":\"https:\/\/schema.org\",\"@graph\":[{\"@type\":\"Organization\",\"@id\":\"https:\/\/eifm.eu\/#organization\",\"name\":\"European Institute of Finance and Management\",\"url\":\"https:\/\/eifm.eu\/\",\"sameAs\":[\"https:\/\/www.facebook.com\/EIFM.eu\/\",\"https:\/\/www.linkedin.com\/company\/european-institute-of-finance-and-management\/\"],\"logo\":{\"@type\":\"ImageObject\",\"@id\":\"https:\/\/eifm.eu\/#logo\",\"inLanguage\":\"de-DE\",\"url\":\"https:\/\/eifm.eu\/wp-content\/uploads\/2022\/03\/eifm.png\",\"contentUrl\":\"https:\/\/eifm.eu\/wp-content\/uploads\/2022\/03\/eifm.png\",\"width\":541,\"height\":162,\"caption\":\"European Institute of Finance and Management\"},\"image\":{\"@id\":\"https:\/\/eifm.eu\/#logo\"}},{\"@type\":\"WebSite\",\"@id\":\"https:\/\/eifm.eu\/#website\",\"url\":\"https:\/\/eifm.eu\/\",\"name\":\"European Institute of Finance and Management\",\"description\":\"\",\"publisher\":{\"@id\":\"https:\/\/eifm.eu\/#organization\"},\"potentialAction\":[{\"@type\":\"SearchAction\",\"target\":\"https:\/\/eifm.eu\/?s={search_term_string}\",\"query-input\":\"required name=search_term_string\"}],\"inLanguage\":\"de-DE\"},{\"@type\":\"ImageObject\",\"@id\":\"https:\/\/eifm.eu\/de\/unsere-geschichte\/#primaryimage\",\"inLanguage\":\"de-DE\",\"url\":\"https:\/\/eifm.eu\/wp-content\/uploads\/2022\/04\/kantoorruimte_huren_uihvd.jpeg\",\"contentUrl\":\"https:\/\/eifm.eu\/wp-content\/uploads\/2022\/04\/kantoorruimte_huren_uihvd.jpeg\",\"width\":1200,\"height\":1799},{\"@type\":\"WebPage\",\"@id\":\"https:\/\/eifm.eu\/de\/unsere-geschichte\/#webpage\",\"url\":\"https:\/\/eifm.eu\/de\/unsere-geschichte\/\",\"name\":\"Unsere Geschichte - European Institute of Finance and Management\",\"isPartOf\":{\"@id\":\"https:\/\/eifm.eu\/#website\"},\"primaryImageOfPage\":{\"@id\":\"https:\/\/eifm.eu\/de\/unsere-geschichte\/#primaryimage\"},\"datePublished\":\"2022-05-02T08:00:42+00:00\",\"dateModified\":\"2022-05-02T09:57:43+00:00\",\"breadcrumb\":{\"@id\":\"https:\/\/eifm.eu\/de\/unsere-geschichte\/#breadcrumb\"},\"inLanguage\":\"de-DE\",\"potentialAction\":[{\"@type\":\"ReadAction\",\"target\":[\"https:\/\/eifm.eu\/de\/unsere-geschichte\/\"]}]},{\"@type\":\"BreadcrumbList\",\"@id\":\"https:\/\/eifm.eu\/de\/unsere-geschichte\/#breadcrumb\",\"itemListElement\":[{\"@type\":\"ListItem\",\"position\":1,\"item\":{\"@type\":\"WebPage\",\"@id\":\"https:\/\/eifm.eu\/de\/\",\"url\":\"https:\/\/eifm.eu\/de\/\",\"name\":\"Home\"}},{\"@type\":\"ListItem\",\"position\":2,\"item\":{\"@type\":\"WebPage\",\"@id\":\"https:\/\/eifm.eu\/de\/unsere-geschichte\/\",\"url\":\"https:\/\/eifm.eu\/de\/unsere-geschichte\/\",\"name\":\"Unsere Geschichte\"}}]}]}<\/script>\n<!-- \/ Yoast SEO Premium plugin. -->","_links":{"self":[{"href":"https:\/\/eifm.eu\/de\/wp-json\/wp\/v2\/pages\/8440"}],"collection":[{"href":"https:\/\/eifm.eu\/de\/wp-json\/wp\/v2\/pages"}],"about":[{"href":"https:\/\/eifm.eu\/de\/wp-json\/wp\/v2\/types\/page"}],"author":[{"embeddable":true,"href":"https:\/\/eifm.eu\/de\/wp-json\/wp\/v2\/users\/1"}],"replies":[{"embeddable":true,"href":"https:\/\/eifm.eu\/de\/wp-json\/wp\/v2\/comments?post=8440"}],"version-history":[{"count":3,"href":"https:\/\/eifm.eu\/de\/wp-json\/wp\/v2\/pages\/8440\/revisions"}],"predecessor-version":[{"id":8599,"href":"https:\/\/eifm.eu\/de\/wp-json\/wp\/v2\/pages\/8440\/revisions\/8599"}],"wp:attachment":[{"href":"https:\/\/eifm.eu\/de\/wp-json\/wp\/v2\/media?parent=8440"}],"curies":[{"name":"wp","href":"https:\/\/api.w.org\/{rel}","templated":true}]}}