{"id":8439,"date":"2022-05-02T09:53:32","date_gmt":"2022-05-02T07:53:32","guid":{"rendered":"https:\/\/eifm.eu\/dozententeam\/"},"modified":"2022-09-08T17:16:03","modified_gmt":"2022-09-08T15:16:03","slug":"dozententeam","status":"publish","type":"page","link":"https:\/\/eifm.eu\/de\/dozententeam\/","title":{"rendered":"Dozententeam"},"content":{"rendered":"\t\t<div data-elementor-type=\"wp-page\" data-elementor-id=\"8439\" class=\"elementor elementor-8439\">\n\t\t\t\t\t\t\t        <section class=\"elementor-section elementor-top-section elementor-element elementor-element-434bc21 elementor-section-boxed elementor-section-height-default elementor-section-height-default\" data-id=\"434bc21\" data-element_type=\"section\">\n            \n                        <div class=\"elementor-container elementor-column-gap-extended \">\n                    <div class=\"elementor-column elementor-col-100 elementor-top-column elementor-element elementor-element-5f27a12\" data-id=\"5f27a12\" data-element_type=\"column\">\n            <div class=\"elementor-widget-wrap elementor-element-populated\">\n                                <section class=\"elementor-section elementor-inner-section elementor-element elementor-element-d4a1253 elementor-section-boxed elementor-section-height-default elementor-section-height-default\" data-id=\"d4a1253\" data-element_type=\"section\" data-settings=\"{&quot;background_background&quot;:&quot;classic&quot;}\">\n            \n                        <div class=\"elementor-container elementor-column-gap-extended \">\n                    <div class=\"elementor-column elementor-col-33 elementor-inner-column elementor-element elementor-element-68d8b6d\" data-id=\"68d8b6d\" data-element_type=\"column\">\n            <div class=\"elementor-widget-wrap\">\n                                    <\/div>\n        <\/div>\n                <div class=\"elementor-column elementor-col-33 elementor-inner-column elementor-element elementor-element-d387043\" data-id=\"d387043\" data-element_type=\"column\">\n            <div class=\"elementor-widget-wrap elementor-element-populated\">\n                        \t\t<div class=\"elementor-element elementor-element-957dc7d elementor-widget elementor-widget-ct_heading\" data-id=\"957dc7d\" data-element_type=\"widget\" data-widget_type=\"ct_heading.default\">\n\t\t\t\t<div class=\"elementor-widget-container\">\n\t\t\t<div class=\"ct-heading h-align-center item-st-default\">\r\n\t\t\t<div class=\"item--sub-title style-divider-center\">\r\n            <span>\r\n                EIFM            <\/span>\r\n        <\/div>\r\n\t    <h3 class=\"item--title case-animate-time st-default \" data-wow-delay=\"ms\">\r\n        <span>Dozententeam<\/span>    <\/h3>\r\n<\/div>\r\n\r\n\t\t<\/div>\n\t\t\t\t<\/div>\n\t\t\t\t<div class=\"elementor-element elementor-element-dcbcc43 elementor-widget elementor-widget-ct_text_editor\" data-id=\"dcbcc43\" data-element_type=\"widget\" data-widget_type=\"ct_text_editor.default\">\n\t\t\t\t<div class=\"elementor-widget-container\">\n\t\t\t<div id=\"ct_text_editor-dcbcc43\" class=\"ct-text-editor \" data-wow-delay=\"ms\">\n\t<div class=\"ct-inline-css\"  data-css=\"\n        \t\t\">\n\n    <\/div>\n\t<div class=\"ct-text-editor elementor-clearfix\">\n\t\t<p>Auf dieser Seite finden Sie die Dozenten des European Institute of Finance and Management.<\/p>\t\t\n\t<\/div>\n<\/div>\t\t<\/div>\n\t\t\t\t<\/div>\n\t\t            <\/div>\n        <\/div>\n                <div class=\"elementor-column elementor-col-33 elementor-inner-column elementor-element elementor-element-0b81baa\" data-id=\"0b81baa\" data-element_type=\"column\">\n            <div class=\"elementor-widget-wrap\">\n                                    <\/div>\n        <\/div>\n                            <\/div>\n        <\/section>\n                    <\/div>\n        <\/div>\n                            <\/div>\n        <\/section>\n                <section class=\"elementor-section elementor-top-section elementor-element elementor-element-47382b4 elementor-section-stretched elementor-section-boxed elementor-section-height-default elementor-section-height-default\" data-id=\"47382b4\" data-element_type=\"section\" data-settings=\"{&quot;stretch_section&quot;:&quot;section-stretched&quot;,&quot;background_background&quot;:&quot;classic&quot;}\">\n            \n                        <div class=\"elementor-container elementor-column-gap-extended \">\n                    <div class=\"elementor-column elementor-col-100 elementor-top-column elementor-element elementor-element-429a0c6\" data-id=\"429a0c6\" data-element_type=\"column\">\n            <div class=\"elementor-widget-wrap elementor-element-populated\">\n                        \t\t<div class=\"elementor-element elementor-element-d3d5cd6 elementor-widget elementor-widget-ct_accordion\" data-id=\"d3d5cd6\" data-element_type=\"widget\" data-widget_type=\"ct_accordion.default\">\n\t\t\t\t<div class=\"elementor-widget-container\">\n\t\t\t    <div id=\"ct_accordion-d3d5cd6\" class=\"ct-accordion layout2 \" data-wow-duration=\"1.2s\">\r\n                    <div class=\"ct-accordion-item active\">\r\n                <div class=\"ct-ac-title active\" data-target=\"#543f1c6ct_accordion-d3d5cd6\">\r\n                    <span class=\"ct-ac-title-text\">Philippe Albert<\/span>\r\n                <\/div>\r\n                <div id=\"543f1c6ct_accordion-d3d5cd6\" class=\"ct-ac-content\" style=\"display:block;\">Von 1985 bis 1997 arbeitete Philippe beim Finanzamt als (stellvertretender) K\u00f6rperschaftssteuerinspektor. Er promovierte 1995 und ist seit 1997 Direktor des Bureau Vaktechniek Belastingadviseurs, einer Steuerberatungsfirma.<\/div>\r\n            <\/div>\r\n                    <div class=\"ct-accordion-item \">\r\n                <div class=\"ct-ac-title \" data-target=\"#ad9f051ct_accordion-d3d5cd6\">\r\n                    <span class=\"ct-ac-title-text\">Kerstin Alfes<\/span>\r\n                <\/div>\r\n                <div id=\"ad9f051ct_accordion-d3d5cd6\" class=\"ct-ac-content\">Sie verf\u00fcgt \u00fcber 20 Jahre Erfahrung in der Ausbildung von F\u00fchrungskr\u00e4ften, in der Beratung und in europ\u00e4ischen Projekten. Sie hat Auszeichnungen f\u00fcr hervorragende Leistungen in Lehre und Forschung und den Human Resource Management Innovation Award f\u00fcr eine gemeinn\u00fctzige Initiative gegen die Arbeitslosigkeit von Hochschulabsolventen erhalten.<\/div>\r\n            <\/div>\r\n                    <div class=\"ct-accordion-item \">\r\n                <div class=\"ct-ac-title \" data-target=\"#905b6bdct_accordion-d3d5cd6\">\r\n                    <span class=\"ct-ac-title-text\">Fabio Ancarani<\/span>\r\n                <\/div>\r\n                <div id=\"905b6bdct_accordion-d3d5cd6\" class=\"ct-ac-content\">Er absolvierte ein internationales Lehrerausbildungsprogramm (an der Stockholm School of Economics). Er arbeitete als Assistenzprofessor und au\u00dferordentlicher Professor an der Bocconi-Universit\u00e4t. Er unterrichtet Kurse in Marketingmanagement, strategischem Marketing, Preisgestaltung und Kundenwertmanagement sowie Marketingmetriken und -leistung. Seine Forschungsarbeit konzentriert sich haupts\u00e4chlich auf strategisches Marketing, Kundenwertanalyse und -messung, Preisgestaltung und Wertmanagement. <\/div>\r\n            <\/div>\r\n                    <div class=\"ct-accordion-item \">\r\n                <div class=\"ct-ac-title \" data-target=\"#082ec77ct_accordion-d3d5cd6\">\r\n                    <span class=\"ct-ac-title-text\">Martin Artz<\/span>\r\n                <\/div>\r\n                <div id=\"082ec77ct_accordion-d3d5cd6\" class=\"ct-ac-content\">Er ist au\u00dferordentlicher Professor f\u00fcr Unternehmensrechnung und -kontrolle. Seine Forschung konzentriert sich auf Themen wie Zielsetzung und Budgetierung, Leistungsmessung und Anreize sowie Organisationsgestaltung, insbesondere in kundenorientierten Organisationen. Er hat Artikel in wichtigen akademischen Fachzeitschriften wie Accounting, Organizations and Society, Journal of Marketing und Journal of Marketing Research ver\u00f6ffentlicht. F\u00fcr seine Dissertation \u00fcber Managementkontrolle in Marketing und Vertrieb wurde er mit dem P\u00e9ter Horv\u00e1th Preis f\u00fcr Management Accounting ausgezeichnet.<\/div>\r\n            <\/div>\r\n                    <div class=\"ct-accordion-item \">\r\n                <div class=\"ct-ac-title \" data-target=\"#30154f3ct_accordion-d3d5cd6\">\r\n                    <span class=\"ct-ac-title-text\">Selin Atalay<\/span>\r\n                <\/div>\r\n                <div id=\"30154f3ct_accordion-d3d5cd6\" class=\"ct-ac-content\">Sie hat als au\u00dferordentliche Professorin f\u00fcr Marketing an der HEC Paris und als Assistenzprofessorin an der Bilkent-Universit\u00e4t gearbeitet. Sie promovierte in Marketing an der Penn State University. Ihr Forschungsinteresse gilt vor allem den Entscheidungsprozessen der Verbraucher. Sie interessiert sich vor allem f\u00fcr den Einfluss des Affekts auf die Entscheidungsfindung der Verbraucher sowie f\u00fcr die visuelle Aufmerksamkeit, die Positionierung von Einzelhandelsregalen, das Verhalten bei der Selbsthingabe und die soziale Ausgrenzung.<\/div>\r\n            <\/div>\r\n                    <div class=\"ct-accordion-item \">\r\n                <div class=\"ct-ac-title \" data-target=\"#38e3a4act_accordion-d3d5cd6\">\r\n                    <span class=\"ct-ac-title-text\">Carlo d'Augusta<\/span>\r\n                <\/div>\r\n                <div id=\"38e3a4act_accordion-d3d5cd6\" class=\"ct-ac-content\">Er hat Rechnungswesen studiert, wo er auch seine beruflichen Interessen vertritt. Seine Forschung konzentriert sich auf die Finanzberichterstattung. Insbesondere interessiert er sich daf\u00fcr, wie sich die Merkmale von Finanzinformationen auf die Kapitalm\u00e4rkte und die Reaktionen der Anleger auf die Offenlegung von Finanzdaten auswirken und wie verschiedene Arten von Offenlegungen mit den Nutzern von Informationen interagieren k\u00f6nnen.<\/div>\r\n            <\/div>\r\n                    <div class=\"ct-accordion-item \">\r\n                <div class=\"ct-ac-title \" data-target=\"#b7a288dct_accordion-d3d5cd6\">\r\n                    <span class=\"ct-ac-title-text\">Kostas Axarloglou<\/span>\r\n                <\/div>\r\n                <div id=\"b7a288dct_accordion-d3d5cd6\" class=\"ct-ac-content\">Er forscht und ber\u00e4t auf dem Gebiet des internationalen Handels (ausl\u00e4ndische Direktinvestitionen), der Strategie (Optionstheorie) und der Preisgestaltung. Seine Forschungsergebnisse wurden in f\u00fchrenden Management- und Wirtschaftszeitschriften wie Management Science, Journal of Business, Journal of the European Economic Association, World Economy und Managerial and Decision Economics ver\u00f6ffentlicht. Er hat mehrere Forschungsstipendien erhalten und an einer Reihe von internationalen Konferenzen teilgenommen.<\/div>\r\n            <\/div>\r\n                    <div class=\"ct-accordion-item \">\r\n                <div class=\"ct-ac-title \" data-target=\"#13f55c8ct_accordion-d3d5cd6\">\r\n                    <span class=\"ct-ac-title-text\">Emanuele Bajo<\/span>\r\n                <\/div>\r\n                <div id=\"13f55c8ct_accordion-d3d5cd6\" class=\"ct-ac-content\">Emanuele Bajo ist Professor f\u00fcr Finanzen und Leiter des Masterstudiengangs Finance and Fintech. Zuvor war er an der Johns Hopkins University, der San Diego State University, als Visiting Research Fellow am Boston College und als Gastprofessor an der University of Queensland t\u00e4tig. Seine Forschungsinteressen und Hauptver\u00f6ffentlichungen liegen in den Bereichen B\u00f6rseng\u00e4nge, Haushaltsfinanzen und Finanzrisikomanagement. <\/div>\r\n            <\/div>\r\n                    <div class=\"ct-accordion-item \">\r\n                <div class=\"ct-ac-title \" data-target=\"#8982979ct_accordion-d3d5cd6\">\r\n                    <span class=\"ct-ac-title-text\">Diederich Bakker<\/span>\r\n                <\/div>\r\n                <div id=\"8982979ct_accordion-d3d5cd6\" class=\"ct-ac-content\">Er hat Betriebswirtschaft und internationales Management studiert und im Bereich Marketing promoviert. Sein beruflicher Hintergrund liegt in den Bereichen Marketingkommunikation und Marktforschung. Er hat in den USA, Australien, Deutschland, Frankreich und den Niederlanden gearbeitet. Seine pers\u00f6nlichen Forschungsinteressen konzentrieren sich auf internationale Unternehmen, kleine und mittlere Unternehmen, Markteintrittsstrategien, Eigenmarken und asiatische Markenstrategien. <\/div>\r\n            <\/div>\r\n                    <div class=\"ct-accordion-item \">\r\n                <div class=\"ct-ac-title \" data-target=\"#9eae393ct_accordion-d3d5cd6\">\r\n                    <span class=\"ct-ac-title-text\">Michal Bauer<\/span>\r\n                <\/div>\r\n                <div id=\"9eae393ct_accordion-d3d5cd6\" class=\"ct-ac-content\">Er ist Doktorand in Wirtschaftswissenschaften. Seine derzeitigen Forschungsschwerpunkte sind wirtschaftliche Entwicklung in armen L\u00e4ndern, individuelle Entscheidungsfindung und experimentelle \u00d6konomie. Seine Artikel wurden in Fachzeitschriften wie European Economic Review, Nature Human Behaviour und Economic Journal ver\u00f6ffentlicht.<\/div>\r\n            <\/div>\r\n                    <div class=\"ct-accordion-item \">\r\n                <div class=\"ct-ac-title \" data-target=\"#9431c2cct_accordion-d3d5cd6\">\r\n                    <span class=\"ct-ac-title-text\">Bart Berden<\/span>\r\n                <\/div>\r\n                <div id=\"9431c2cct_accordion-d3d5cd6\" class=\"ct-ac-content\">Im Jahr 2004 wurde er Mitglied des Vorstands des St. Elisabeth-Krankenhauses in Tilburg. Er ist Mediziner und Betriebswirt und arbeitet seit zwanzig Jahren im Gesundheitssektor, davon sieben Jahre als Direktor. Er hat als Arzt in der medizinischen Erstversorgung und als Direktor des St. Radboud University Medical Center gearbeitet. F\u00fcr seine Innovationen in der Krankenhauspolitik wurde Professor Berden 2010 von der Plattform Strategy Healthcare zum Healthcare Influencer of the Year gew\u00e4hlt. Er ist Mitglied (bzw. Vorsitzender) mehrerer Aufsichtsr\u00e4te von Pflegeorganisationen.<\/div>\r\n            <\/div>\r\n                    <div class=\"ct-accordion-item \">\r\n                <div class=\"ct-ac-title \" data-target=\"#5a8d39act_accordion-d3d5cd6\">\r\n                    <span class=\"ct-ac-title-text\">Tobias Berg<\/span>\r\n                <\/div>\r\n                <div id=\"5a8d39act_accordion-d3d5cd6\" class=\"ct-ac-content\">Er arbeitet auf dem Gebiet der Finanzintermediation und der Unternehmensfinanzierung und konzentriert sich dabei auf Risikomanagement, Bankenregulierung und die Auswirkungen der Finanzintermediation auf die reale Welt. Er hat seine Forschungsergebnisse in f\u00fchrenden internationalen Zeitschriften wie dem Journal of Finance, Review of Financial Studies und Journal of Financial and Quantitative Analysis ver\u00f6ffentlicht und auf Konferenzen wie der AFA, WFA und EFA vorgetragen. <\/div>\r\n            <\/div>\r\n                    <div class=\"ct-accordion-item \">\r\n                <div class=\"ct-ac-title \" data-target=\"#e4d1154ct_accordion-d3d5cd6\">\r\n                    <span class=\"ct-ac-title-text\">J\u00e9r\u00e9mie Bertrand<\/span>\r\n                <\/div>\r\n                <div id=\"e4d1154ct_accordion-d3d5cd6\" class=\"ct-ac-content\">Er hat einen BSc in Elektrotechnik und Informatik von der Nationalen Technischen Universit\u00e4t Athen und einen MSc in Kontrollsystemen sowie einen PhD in quantitativer Finanzwissenschaft vom Imperial College London. Er verf\u00fcgt \u00fcber umfangreiche Berufserfahrung bei Natwest Markets und der Royal Bank of Scotland in London, wo er leitende Positionen in den Bereichen Handel, Risikomanagement, Finanztechnik, Strukturierung und alternative Anlagen innehatte. Seine Hauptforschungsinteressen sind Derivate, Kreditrisiko und Preisgestaltung von Verm\u00f6genswerten unter Einbeziehung dynamischer Handelsstrategien.<\/div>\r\n            <\/div>\r\n                    <div class=\"ct-accordion-item \">\r\n                <div class=\"ct-ac-title \" data-target=\"#557412dct_accordion-d3d5cd6\">\r\n                    <span class=\"ct-ac-title-text\">Albert Bifet<\/span>\r\n                <\/div>\r\n                <div id=\"557412dct_accordion-d3d5cd6\" class=\"ct-ac-content\">Sein Hauptforschungsinteresse gilt dem Lernen aus Datenstr\u00f6men. Er begann seine Karriere bei Huawei und arbeitete dann bei Yahoo! Research, der University of Waikato und UPC BarcelonaTech. Er ist der Autor von Adaptive Stream Mining und Pattern Learning and Mining from Evolving Data Streams.<\/div>\r\n            <\/div>\r\n                    <div class=\"ct-accordion-item \">\r\n                <div class=\"ct-ac-title \" data-target=\"#0cfebfact_accordion-d3d5cd6\">\r\n                    <span class=\"ct-ac-title-text\">Olof Bik<\/span>\r\n                <\/div>\r\n                <div id=\"0cfebfact_accordion-d3d5cd6\" class=\"ct-ac-content\">Olof befasst sich mit der verhaltensorientierten Pr\u00fcfungsforschung, d. h. mit der Untersuchung des beruflichen Verhaltens von Wirtschaftspr\u00fcfern und seiner Bestimmungsfaktoren, wobei er sich auf pers\u00f6nliche, institutionelle und kulturelle Faktoren im Zusammenhang mit der Qualit\u00e4tssicherung bei der Rechnungspr\u00fcfung in der Wertsch\u00f6pfungskette der Unternehmensberichterstattung und -pr\u00fcfung konzentriert. Da es bei der Wirtschaftspr\u00fcfung weitgehend um das berufliche Verhalten der Pr\u00fcfer geht, die tats\u00e4chlich Pr\u00fcfungen durchf\u00fchren, und um die Faktoren, die dieses Verhalten beeinflussen, ist es das Verhalten der Pr\u00fcfer, das die Qualit\u00e4t der Pr\u00fcfung bestimmt - und letztlich die Qualit\u00e4t der Gesch\u00e4ftsinformationen, auf die sich die Kapitalm\u00e4rkte, die Interessengruppen und die Gesellschaft als Ganzes bei ihren Gesch\u00e4ftsentscheidungen st\u00fctzen.<\/div>\r\n            <\/div>\r\n                    <div class=\"ct-accordion-item \">\r\n                <div class=\"ct-ac-title \" data-target=\"#8adc458ct_accordion-d3d5cd6\">\r\n                    <span class=\"ct-ac-title-text\">Koen De Bock<\/span>\r\n                <\/div>\r\n                <div id=\"8adc458ct_accordion-d3d5cd6\" class=\"ct-ac-content\">Er studierte Marketing-Analyse in Gent und promovierte anschlie\u00dfend in angewandter Wirtschaft. Er war an mehreren Studien \u00fcber Zielmarketing im Zusammenhang mit dem Verbraucherverhalten beteiligt. Derzeit ist er als Fachberater an mehreren Universit\u00e4ten in Frankreich t\u00e4tig.<\/div>\r\n            <\/div>\r\n                    <div class=\"ct-accordion-item \">\r\n                <div class=\"ct-ac-title \" data-target=\"#d7c6192ct_accordion-d3d5cd6\">\r\n                    <span class=\"ct-ac-title-text\">Camilla van den Boom<\/span>\r\n                <\/div>\r\n                <div id=\"d7c6192ct_accordion-d3d5cd6\" class=\"ct-ac-content\">Er verf\u00fcgt \u00fcber mehr als 20 Jahre Erfahrung in der Strategieentwicklung, Umsetzung und organisatorischen (Neu-)Gestaltung in gro\u00dfen und mittelst\u00e4ndischen Unternehmen. Camilla hat als Unternehmensberaterin f\u00fcr Accenture, Andersen und Deloitte gearbeitet und Kunden bei der Definition von Gesch\u00e4ftsstrategien, innovativen Gesch\u00e4ftsmodellen und agilen Organisationen unterst\u00fctzt. Sie leitet sturrm, ein Strategieberatungsunternehmen, das Kunden bei der Entwicklung zukunftssicherer Gesch\u00e4ftsstrategien und agiler Organisationen unterst\u00fctzt, indem es Zukunftsforschung betreibt.<\/div>\r\n            <\/div>\r\n                    <div class=\"ct-accordion-item \">\r\n                <div class=\"ct-ac-title \" data-target=\"#eeef5cdct_accordion-d3d5cd6\">\r\n                    <span class=\"ct-ac-title-text\">Jean-Philippe Bouilloud<\/span>\r\n                <\/div>\r\n                <div id=\"eeef5cdct_accordion-d3d5cd6\" class=\"ct-ac-content\">Er hat einen Doktortitel in Soziologie und ist derzeit Professor am Fachbereich f\u00fcr Strategie, Organisationsverhalten und Personalwesen der Universit\u00e4t Paris. Er hat sich au\u00dferdem f\u00fcr Forschungsmanagement (HDR) habilitiert und war mehrere Jahre im Bankwesen und in der Beratung t\u00e4tig. Seine Fachgebiete und wichtigsten Ver\u00f6ffentlichungen betreffen die Soziologie des wissenschaftlichen Wissens und die Soziologie des Geldes. Er hat sich eingehend mit den Zusammenh\u00e4ngen zwischen dem pers\u00f6nlichen Leben und der intellektuellen Produktion von Sozialwissenschaftlern befasst.<\/div>\r\n            <\/div>\r\n                    <div class=\"ct-accordion-item \">\r\n                <div class=\"ct-ac-title \" data-target=\"#8bc16cbct_accordion-d3d5cd6\">\r\n                    <span class=\"ct-ac-title-text\">Ries Breijer<\/span>\r\n                <\/div>\r\n                <div id=\"8bc16cbct_accordion-d3d5cd6\" class=\"ct-ac-content\">Er ist Doktorand am Zentrum f\u00fcr Unternehmensberichterstattung, Finanzen und Steuern. Nach Abschluss seines Vorstudiums arbeitete er in einer Wirtschaftspr\u00fcfungsgesellschaft und absolvierte ein Fernstudium (Bachelor und Master) in Rechnungswesen in Nyenrode. Neben seiner Doktorarbeit im Bereich der nicht-finanziellen und finanziellen Berichterstattung f\u00fchrt er Masterarbeiten durch und nimmt an Masterkursen im Bereich Rechnungswesen teil.<\/div>\r\n            <\/div>\r\n                    <div class=\"ct-accordion-item \">\r\n                <div class=\"ct-ac-title \" data-target=\"#7d01495ct_accordion-d3d5cd6\">\r\n                    <span class=\"ct-ac-title-text\">Gerrit van Bruggen<\/span>\r\n                <\/div>\r\n                <div id=\"7d01495ct_accordion-d3d5cd6\" class=\"ct-ac-content\">Seine Hauptforschungsinteressen sind strategische Marketingfragen und die Auswirkungen von Informationstechnologie und Informationssystemen auf Marketingstrategien und Entscheidungsfindung. Seine Forschungsergebnisse wurden in f\u00fchrenden Fachzeitschriften wie Marketing Science, Journal of Marketing, Journal of Marketing Research, Management Science, MIS Quarterly, Information Systems Research und Interfaces ver\u00f6ffentlicht. Er h\u00e4lt regelm\u00e4\u00dfig Vortr\u00e4ge auf internationalen Managementkonferenzen und ist ein erfahrener Ausbilder auf F\u00fchrungsebene.<\/div>\r\n            <\/div>\r\n                    <div class=\"ct-accordion-item \">\r\n                <div class=\"ct-ac-title \" data-target=\"#ebfa57cct_accordion-d3d5cd6\">\r\n                    <span class=\"ct-ac-title-text\">Frantisek Cech<\/span>\r\n                <\/div>\r\n                <div id=\"ebfa57cct_accordion-d3d5cd6\" class=\"ct-ac-content\">Er hat einen Doktortitel in Wirtschaftswissenschaften und besuchte w\u00e4hrend seines Studiums auch die University of California, Berkeley. Seine Forschungsarbeiten konzentrieren sich haupts\u00e4chlich auf die Preisgestaltung von Verm\u00f6genswerten, Finanz\u00f6konometrie und Finanzmarktanalyse.<\/div>\r\n            <\/div>\r\n                    <div class=\"ct-accordion-item \">\r\n                <div class=\"ct-ac-title \" data-target=\"#f0bee58ct_accordion-d3d5cd6\">\r\n                    <span class=\"ct-ac-title-text\">Gilles Certhoux<\/span>\r\n                <\/div>\r\n                <div id=\"f0bee58ct_accordion-d3d5cd6\" class=\"ct-ac-content\">Experte f\u00fcr digitales Marketing, Kommunikation und verhaltensorientiertes Marketing. Er konzentriert sich in seiner Praxis auf spezifisches Verbraucherverhalten in bestimmten Wirtschaftsphasen und auf Marketing-Marktanalysen. Er sammelte seine Erfahrung \u00fcber viele Jahre als Marketingdirektor in einem der gr\u00f6\u00dften multinationalen Konzerne und ist seit 2018 Professor an der Universit\u00e4t Limoges.<\/div>\r\n            <\/div>\r\n                    <div class=\"ct-accordion-item \">\r\n                <div class=\"ct-ac-title \" data-target=\"#1c64b8fct_accordion-d3d5cd6\">\r\n                    <span class=\"ct-ac-title-text\">Jean-Marc Charlot<\/span>\r\n                <\/div>\r\n                <div id=\"1c64b8fct_accordion-d3d5cd6\" class=\"ct-ac-content\">Experte f\u00fcr Informationstechnologie und Softwarel\u00f6sungen. Er promovierte an der Universit\u00e4t von Kanada und hat seine Karriere und sein Fachwissen seit 2001 bei Unternehmen wie Microsoft, IBM und Hewlett-Packard weiterentwickelt.<\/div>\r\n            <\/div>\r\n                    <div class=\"ct-accordion-item \">\r\n                <div class=\"ct-ac-title \" data-target=\"#c8a39d0ct_accordion-d3d5cd6\">\r\n                    <span class=\"ct-ac-title-text\">Claire Champenois<\/span>\r\n                <\/div>\r\n                <div id=\"c8a39d0ct_accordion-d3d5cd6\" class=\"ct-ac-content\">Sie hat einen Postgraduiertenabschluss in Fashion Business Management. Sie verf\u00fcgt \u00fcber umfangreiche Erfahrungen in der Markenentwicklung, nicht nur auf lokaler, sondern auch auf internationaler Ebene. Angefangen als Managerin kleinerer Projekte, ist sie heute Managerin einer ganzen internationalen Markengruppe und verantwortlich f\u00fcr das gesamte Segment der erschwinglichen Luxusweine auf dem franz\u00f6sischen Markt.<\/div>\r\n            <\/div>\r\n                    <div class=\"ct-accordion-item \">\r\n                <div class=\"ct-ac-title \" data-target=\"#16836e3ct_accordion-d3d5cd6\">\r\n                    <span class=\"ct-ac-title-text\">\u00d6zlem Bedre-Defolie<\/span>\r\n                <\/div>\r\n                <div id=\"16836e3ct_accordion-d3d5cd6\" class=\"ct-ac-content\">\u00d6zlem interessiert sich f\u00fcr angewandte mikro\u00f6konomische Theorie und industrielle Organisation. Er konzentriert sich auf die \u00d6konomie von Mehrparteienplattformen, Mehrproduktunternehmen und vertikalen Vertr\u00e4gen, mit einem Schwerpunkt auf Kartell- und Regulierungsfragen. Ihre Forschungsarbeiten wurden in f\u00fchrenden Fachzeitschriften in den Bereichen Wirtschaft, Marketing und Industrieorganisation ver\u00f6ffentlicht.<\/div>\r\n            <\/div>\r\n                    <div class=\"ct-accordion-item \">\r\n                <div class=\"ct-ac-title \" data-target=\"#b9559c3ct_accordion-d3d5cd6\">\r\n                    <span class=\"ct-ac-title-text\">Alexia Delfino<\/span>\r\n                <\/div>\r\n                <div id=\"b9559c3ct_accordion-d3d5cd6\" class=\"ct-ac-content\">Die Diplom-Psychologin hat in wissenschaftlichen Fachzeitschriften wie Journal of Applied Psychology, Human Relations, European Journal of Work and Organizational Psychology, Journal of Occupational Health usw. ver\u00f6ffentlicht. Sie hat vier B\u00fccher ver\u00f6ffentlicht und ist Herausgeberin einer Reihe von Fallstudien im Bereich der Humanressourcen, die eine Br\u00fccke zwischen Wissenschaft und Wirtschaft schlagen sollen. <\/div>\r\n            <\/div>\r\n                    <div class=\"ct-accordion-item \">\r\n                <div class=\"ct-ac-title \" data-target=\"#af0381act_accordion-d3d5cd6\">\r\n                    <span class=\"ct-ac-title-text\">Konstantinos Drakos<\/span>\r\n                <\/div>\r\n                <div id=\"af0381act_accordion-d3d5cd6\" class=\"ct-ac-content\">Er hat einen BSc in Mathematik von der Universit\u00e4t Athen, einen MSc in Statistik und Operations Research von der University of Essex, UK, und einen PhD in Management Science von der AUEB. Seine Forschungsinteressen umfassen Managementwissenschaften und Methoden des Operations Research in den Bereichen Logistikplanung, Notfalllogistik, Gefahrguttransport, Luftverkehrsmanagement und flexible Transportsysteme.<\/div>\r\n            <\/div>\r\n                    <div class=\"ct-accordion-item \">\r\n                <div class=\"ct-ac-title \" data-target=\"#527a8b7ct_accordion-d3d5cd6\">\r\n                    <span class=\"ct-ac-title-text\">Birgit Dulski<\/span>\r\n                <\/div>\r\n                <div id=\"527a8b7ct_accordion-d3d5cd6\" class=\"ct-ac-content\">Derzeit arbeitet sie als Forscherin und konzentriert sich auf die Verbesserung der Nachhaltigkeit bestehender Stadtviertel und das kulturelle Unternehmertum in historischen Geb\u00e4uden. Sie hat in Deutschland und den Niederlanden Architektur studiert und verbindet ihre Arbeit als Forscherin mit ihrer T\u00e4tigkeit als Beraterin bei NIBE (Niederl\u00e4ndisches Institut f\u00fcr Baubiologie und -\u00f6kologie).<\/div>\r\n            <\/div>\r\n                    <div class=\"ct-accordion-item \">\r\n                <div class=\"ct-ac-title \" data-target=\"#ed2ea9bct_accordion-d3d5cd6\">\r\n                    <span class=\"ct-ac-title-text\">Frank Ecker<\/span>\r\n                <\/div>\r\n                <div id=\"ed2ea9bct_accordion-d3d5cd6\" class=\"ct-ac-content\">Er hat einen Bachelor-Abschluss in Finanzwirtschaft von der Berufsakademie Mannheim und einen M.B.A. und Ph.D. von der Universit\u00e4t Trier. Vor seinem Aufbaustudium arbeitete er f\u00fcr die Deutsche Bank AG und die DGZ Dekabank Luxembourg S.A. Bevor er zur Frankfurt School kam, war Frank Ecker Assistenzprofessor an der Fuqua School of Business der Duke University.<\/div>\r\n            <\/div>\r\n                    <div class=\"ct-accordion-item \">\r\n                <div class=\"ct-ac-title \" data-target=\"#4a0003fct_accordion-d3d5cd6\">\r\n                    <span class=\"ct-ac-title-text\">Deniz Erdemlioglu<\/span>\r\n                <\/div>\r\n                <div id=\"4a0003fct_accordion-d3d5cd6\" class=\"ct-ac-content\">Er ist eine F\u00fchrungskraft, die seit 1991 im Finanz- und Technologiebereich t\u00e4tig ist. Er verf\u00fcgt \u00fcber Erfahrung in den Bereichen Gesch\u00e4ftsentwicklung, Wachstum und Expansion und hat eng mit einigen der Legenden beider Branchen in Griechenland zusammengearbeitet. Bei der Leitung des Wachstums von drei verschiedenen Neugr\u00fcndungen im Bereich der Verm\u00f6gensverwaltung hat er ihnen geholfen, die 100-Millionen-Euro-Marke bei den verwalteten Verm\u00f6genswerten zu \u00fcberschreiten - ein seltener Rekord. Sein Schwerpunkt im Bereich Technologie liegt auf der Kombination mit Finanzen, Strategie, Fusionen und \u00dcbernahmen, Teambildung und organisatorischer St\u00e4rke.<\/div>\r\n            <\/div>\r\n                    <div class=\"ct-accordion-item \">\r\n                <div class=\"ct-ac-title \" data-target=\"#69f3fa0ct_accordion-d3d5cd6\">\r\n                    <span class=\"ct-ac-title-text\">Adam Gersl<\/span>\r\n                <\/div>\r\n                <div id=\"69f3fa0ct_accordion-d3d5cd6\" class=\"ct-ac-content\">Er hat einen Doktortitel in Risikomanagement und einen Master-Abschluss in Bank- und Finanzmanagement. Zuvor war er als Forscher und Postdoc in der Wissenschaft und als Finanzanalyst in der Industrie t\u00e4tig. Seine Forschungsarbeiten wurden in hochrangigen Fachzeitschriften im Bereich Finanzen und Meereswirtschaft ver\u00f6ffentlicht. Zu seinen Hauptforschungsgebieten geh\u00f6ren die Messung des Marktrisikos, die Mikrostruktur der Derivatem\u00e4rkte, die \u00d6konomie der Schifffahrt und die Finanzm\u00e4rkte der Schwellenl\u00e4nder. Er hat eine Reihe von Diplom- und Grundkursen zum Thema Finanzen abgehalten.<\/div>\r\n            <\/div>\r\n                    <div class=\"ct-accordion-item \">\r\n                <div class=\"ct-ac-title \" data-target=\"#106666act_accordion-d3d5cd6\">\r\n                    <span class=\"ct-ac-title-text\">Lucia Gibilaro<\/span>\r\n                <\/div>\r\n                <div id=\"106666act_accordion-d3d5cd6\" class=\"ct-ac-content\">Sie hat einen Bachelor- und einen Master-Abschluss in Wirtschaftsingenieurwesen und einen Doktortitel in angewandter Wirtschaftswissenschaft. Derzeit koordiniert und unterrichtet sie zwei Managementkurse bei PPRN und ist Mitglied des globalen PPRN-Netzwerks. Sie hat als Projektleiterin an mehreren Forschungs- und Beratungsprojekten gearbeitet, die einen multidisziplin\u00e4ren Ansatz (Integration technischer, wirtschaftlicher und \u00f6kologischer Kriterien) erfordern. <\/div>\r\n            <\/div>\r\n                    <div class=\"ct-accordion-item \">\r\n                <div class=\"ct-ac-title \" data-target=\"#e694ca9ct_accordion-d3d5cd6\">\r\n                    <span class=\"ct-ac-title-text\">Micha\u0142 Grajek<\/span>\r\n                <\/div>\r\n                <div id=\"e694ca9ct_accordion-d3d5cd6\" class=\"ct-ac-content\">Neben seiner Lehrt\u00e4tigkeit und akademischen Forschung arbeitete er als Forschungsberater f\u00fcr E.CA Economics in Berlin, wo er seine Expertise in angewandter \u00d6konometrie f\u00fcr Beratungs- und Forschungsprojekte zu wettbewerbspolitischen Fragen zur Verf\u00fcgung stellte. Von Januar 2013 bis Dezember 2016 war er auch als Forschungsdirektor t\u00e4tig. Derzeit unterrichtet er MBA-, EMBA- und MIM-Kurse mit den Schwerpunkten Mikro\u00f6konomie und Weltwirtschaft sowie Unternehmens\u00f6konomie.<\/div>\r\n            <\/div>\r\n                    <div class=\"ct-accordion-item \">\r\n                <div class=\"ct-ac-title \" data-target=\"#4db4ceact_accordion-d3d5cd6\">\r\n                    <span class=\"ct-ac-title-text\">Enkelejda Havari<\/span>\r\n                <\/div>\r\n                <div id=\"4db4ceact_accordion-d3d5cd6\" class=\"ct-ac-content\">Sie hat einen Doktortitel in Statistik und Betriebswirtschaftslehre. Sie hat an vielen Universit\u00e4ten in Griechenland, Spanien und Frankreich gelehrt. Zu ihren Forschungsinteressen geh\u00f6ren die Preisgestaltung von Aktien, Anleihen und Derivaten, Finanzmathematik, Computational Finance, Finanz\u00f6konometrie und Finanzmanagement von Unternehmen. <\/div>\r\n            <\/div>\r\n                    <div class=\"ct-accordion-item \">\r\n                <div class=\"ct-ac-title \" data-target=\"#3dbf7f3ct_accordion-d3d5cd6\">\r\n                    <span class=\"ct-ac-title-text\">Zuzana Havrankova<\/span>\r\n                <\/div>\r\n                <div id=\"3dbf7f3ct_accordion-d3d5cd6\" class=\"ct-ac-content\">Sie hat einen Doktortitel in Organisationsverhalten, einen Master-Abschluss in Personalmanagement und einen Bachelor-Abschluss in Betriebswirtschaftslehre. Ihr Forschungsinteresse gilt der Rekrutierung und Auswahl sowie der Stellensuche und dem Einsatz von Gamification bei der Mitarbeiterauswahl.<\/div>\r\n            <\/div>\r\n                    <div class=\"ct-accordion-item \">\r\n                <div class=\"ct-ac-title \" data-target=\"#b515136ct_accordion-d3d5cd6\">\r\n                    <span class=\"ct-ac-title-text\">Nikolaos Karampinis<\/span>\r\n                <\/div>\r\n                <div id=\"b515136ct_accordion-d3d5cd6\" class=\"ct-ac-content\">Er hat einen Doktortitel in Rechnungswesen und einen Master-Abschluss in Betriebswirtschaftslehre. Seine Forschungs- und Lehrinteressen konzentrieren sich auf die Steuerbuchhaltung, internationale Finanzberichterstattungsnormen und den Einsatz der Unternehmensbuchhaltung f\u00fcr strategische Zwecke. Er hat seine Forschungsergebnisse in verschiedenen akademischen Fachzeitschriften ver\u00f6ffentlicht und auf internationalen Konferenzen pr\u00e4sentiert. <\/div>\r\n            <\/div>\r\n                    <div class=\"ct-accordion-item \">\r\n                <div class=\"ct-ac-title \" data-target=\"#acefc24ct_accordion-d3d5cd6\">\r\n                    <span class=\"ct-ac-title-text\">Kristiaan Kerstens<\/span>\r\n                <\/div>\r\n                <div id=\"acefc24ct_accordion-d3d5cd6\" class=\"ct-ac-content\">Er ist Professor f\u00fcr Finanzen in der Abteilung f\u00fcr Rechnungswesen und Finanzen und Mitglied des Verwaltungsrats der Kapitalmarktkommission. Er hat einen Doktortitel in Finanzwesen und einen MSc in Unternehmensfinanzierung von der Brunel University (UK). Er hatte akademische Positionen als Dozent an der University of Durham und der Middlesex University Business School inne. Zu seinen Forschungsinteressen geh\u00f6ren die Preisgestaltung von Verm\u00f6genswerten und das Verhalten von Anlegern. Er hat mehr als 40 Artikel in von Experten begutachteten Fachzeitschriften ver\u00f6ffentlicht.<\/div>\r\n            <\/div>\r\n                    <div class=\"ct-accordion-item \">\r\n                <div class=\"ct-ac-title \" data-target=\"#7252dacct_accordion-d3d5cd6\">\r\n                    <span class=\"ct-ac-title-text\">Konstantin Korotov<\/span>\r\n                <\/div>\r\n                <div id=\"7252dacct_accordion-d3d5cd6\" class=\"ct-ac-content\">Zu Konstantins Forschungsinteressen geh\u00f6ren die Entwicklung von F\u00fchrungskr\u00e4ften, F\u00fchrungskr\u00e4fte-Coaching, Karriere und F\u00fchrungsausbildung. Er ist Autor, Mitautor und Mitherausgeber von sieben B\u00fcchern sowie zahlreicher akademischer und praktischer Artikel, Fallstudien und Buchkapitel zu den Themen F\u00fchrungsentwicklung und F\u00fchrungskr\u00e4ftecoaching. F\u00fcr seine Fallstudien, Artikel und Lehrt\u00e4tigkeit hat er mehrere Auszeichnungen erhalten.<\/div>\r\n            <\/div>\r\n                    <div class=\"ct-accordion-item \">\r\n                <div class=\"ct-ac-title \" data-target=\"#81b4e53ct_accordion-d3d5cd6\">\r\n                    <span class=\"ct-ac-title-text\">Ana Lehmann<\/span>\r\n                <\/div>\r\n                <div id=\"81b4e53ct_accordion-d3d5cd6\" class=\"ct-ac-content\">Sie ist Gastprofessorin an mehreren ausl\u00e4ndischen Universit\u00e4ten und Mitglied des Vorstands der European Academy of International Business, deren Pr\u00e4sidentin sie war. Sie hat einen Master-Abschluss und einen Doktortitel und ist Postdoktorandin mit den Schwerpunkten Internationalisierung und ausl\u00e4ndische Direktinvestitionen. Sie hat zahlreiche Vortr\u00e4ge auf gro\u00dfen Konferenzen gehalten, ist Mitherausgeberin (Strategie und internationales Management) internationaler wissenschaftlicher Publikationen und hat Dutzende von Artikeln und wissenschaftlichen B\u00fcchern auf internationaler Ebene verfasst. In den letzten zwei Jahrzehnten hat sie als Beraterin f\u00fcr f\u00fchrende internationale Institutionen (OECD, UNCTAD), Regierungsstellen, andere Organisationen und Unternehmen gearbeitet. <\/div>\r\n            <\/div>\r\n                    <div class=\"ct-accordion-item \">\r\n                <div class=\"ct-ac-title \" data-target=\"#3d3a260ct_accordion-d3d5cd6\">\r\n                    <span class=\"ct-ac-title-text\">Charalampos Mainemelis<\/span>\r\n                <\/div>\r\n                <div id=\"3d3a260ct_accordion-d3d5cd6\" class=\"ct-ac-content\">Von 2001 bis 2009 war er Assistenzprofessor an der London Business School. Sein Forschungsschwerpunkt liegt auf Kreativit\u00e4t und deren Beziehungen zu F\u00fchrung, Lernen, Spiel, Zeit und Abweichung. \u00dcber seine Forschungsarbeiten wurde in der popul\u00e4ren Presse ausf\u00fchrlich berichtet, unter anderem in der Financial Times, der Sunday Times, Forbes und Kathimerini. Er wurde au\u00dferdem mit einem Preis der Academy of Management Review ausgezeichnet.<\/div>\r\n            <\/div>\r\n                    <div class=\"ct-accordion-item \">\r\n                <div class=\"ct-ac-title \" data-target=\"#b87c5cdct_accordion-d3d5cd6\">\r\n                    <span class=\"ct-ac-title-text\">Ana Marques<\/span>\r\n                <\/div>\r\n                <div id=\"b87c5cdct_accordion-d3d5cd6\" class=\"ct-ac-content\">Sie hat einen Abschluss in Wirtschaftswissenschaften und begann ihre Karriere im Marketing bei Procter &amp; Gamble. Derzeit ist sie Gesch\u00e4ftsf\u00fchrerin von NOS SGPS. Zuvor war sie Direktorin f\u00fcr Marketing und Vertrieb im Gesch\u00e4ftsbereich Mobile. W\u00e4hrend ihrer Amtszeit hatte sie die Positionen des Direktors f\u00fcr Marke und Kommunikation und des Direktors des Gesch\u00e4ftsbereichs Daten inne. <\/div>\r\n            <\/div>\r\n                    <div class=\"ct-accordion-item \">\r\n                <div class=\"ct-ac-title \" data-target=\"#fac297bct_accordion-d3d5cd6\">\r\n                    <span class=\"ct-ac-title-text\">Gianluca Mattarocci<\/span>\r\n                <\/div>\r\n                <div id=\"fac297bct_accordion-d3d5cd6\" class=\"ct-ac-content\">Er ist au\u00dferordentlicher Professor f\u00fcr Bankwesen und Unternehmensfinanzierung. Derzeit ist er Direktor des Masterstudiengangs f\u00fcr Finanzen. Er hat au\u00dferdem mehrere Artikel und B\u00fccher \u00fcber Verm\u00f6gensverwaltung, Unternehmensfinanzierung, Kreditrisikomanagement und Immobilien ver\u00f6ffentlicht.<\/div>\r\n            <\/div>\r\n                    <div class=\"ct-accordion-item \">\r\n                <div class=\"ct-ac-title \" data-target=\"#75e66b4ct_accordion-d3d5cd6\">\r\n                    <span class=\"ct-ac-title-text\">Paolo Mazza<\/span>\r\n                <\/div>\r\n                <div id=\"75e66b4ct_accordion-d3d5cd6\" class=\"ct-ac-content\">Er hat einen Bachelor-Abschluss in Betriebswirtschaft, einen MBA und einen Doktortitel in Rechnungswesen von derselben Universit\u00e4t und verf\u00fcgt \u00fcber umfangreiche Erfahrung in der Lehre von Management Accounting, Finanzbuchhaltung und Rechnungswesen-Informationssystemen auf Undergraduate-, Postgraduate- und Professional-Ebene. Seine Forschungsinteressen liegen im Bereich des intellektuellen Kapitals und des Management Accounting sowie in der Beziehung zwischen immateriellen Verm\u00f6genswerten und der Kostenstruktur, der Betriebsleistung und der Marktbewertung. <\/div>\r\n            <\/div>\r\n                    <div class=\"ct-accordion-item \">\r\n                <div class=\"ct-ac-title \" data-target=\"#57b555act_accordion-d3d5cd6\">\r\n                    <span class=\"ct-ac-title-text\">Ana Mendes<\/span>\r\n                <\/div>\r\n                <div id=\"57b555act_accordion-d3d5cd6\" class=\"ct-ac-content\">Sie studierte Marketing an der IADE, Postgraduiertenstudien in digitalem Marketing (IPAM) und Relationship Marketing (ISCTE) sowie Jura (Katholische Universit\u00e4t Lissabon). Sie spezialisierte sich auf Facebook-Marketing in den USA und im Vereinigten K\u00f6nigreich. Sie arbeitete zehn Jahre lang im Einzelhandelsmarketing in renommierten multinationalen Unternehmen. In den letzten 7 Jahren war sie als Beraterin f\u00fcr Unternehmen im Bereich der Strategie f\u00fcr die Pr\u00e4senz in den sozialen Medien t\u00e4tig.<\/div>\r\n            <\/div>\r\n                    <div class=\"ct-accordion-item \">\r\n                <div class=\"ct-ac-title \" data-target=\"#0099eefct_accordion-d3d5cd6\">\r\n                    <span class=\"ct-ac-title-text\">Maximilian A. M\u00fcller<\/span>\r\n                <\/div>\r\n                <div id=\"0099eefct_accordion-d3d5cd6\" class=\"ct-ac-content\">Als au\u00dferordentlicher Professor f\u00fcr Rechnungswesen ist er bestrebt, Studenten und Managern zu helfen, ihre Finanzkenntnisse zu verbessern. Er war Mitglied des Lehrk\u00f6rpers der WHU - Otto Beisheim School of Management und Gastwissenschaftler an der University of Chicago Booth School of Business. Er hat mehrere Forschungsarbeiten in f\u00fchrenden Finanz- und Rechnungslegungszeitschriften ver\u00f6ffentlicht, die sich mit der Offenlegung (Regulierung) und Besteuerung auf den Kapitalm\u00e4rkten befassen, und bringt sein Fachwissen gerne in die Praxis ein, beispielsweise als Berater einer quantitativen Verm\u00f6gensverwaltungsgesellschaft. <\/div>\r\n            <\/div>\r\n                    <div class=\"ct-accordion-item \">\r\n                <div class=\"ct-ac-title \" data-target=\"#3c36417ct_accordion-d3d5cd6\">\r\n                    <span class=\"ct-ac-title-text\">Angeliki Papachroni<\/span>\r\n                <\/div>\r\n                <div id=\"3c36417ct_accordion-d3d5cd6\" class=\"ct-ac-content\">Sie hat Betriebswirtschaft und Management studiert und schon fr\u00fch war klar, dass sie eine Leidenschaft f\u00fcr Marketing hat, auf die sie sich in ihrem Aufbaustudium und Masterstudium konzentrierte. Nach mehr als einem Jahrzehnt Erfahrung und der Spezialisierung auf Strategie- und Kundenbindungsprogramme sch\u00e4tzt sie sich gl\u00fccklich, dass ihr ihre Arbeit weiterhin jeden Tag so viel Spa\u00df macht.<\/div>\r\n            <\/div>\r\n                    <div class=\"ct-accordion-item \">\r\n                <div class=\"ct-ac-title \" data-target=\"#b9ed82dct_accordion-d3d5cd6\">\r\n                    <span class=\"ct-ac-title-text\">Felix Reimann<\/span>\r\n                <\/div>\r\n                <div id=\"b9ed82dct_accordion-d3d5cd6\" class=\"ct-ac-content\">Vor seiner akademischen Laufbahn arbeitete er von 2004-2009 als Berater im Frankfurter B\u00fcro von McKinsey &amp; Company. Er ist regelm\u00e4\u00dfig an Schulungs-, Beratungs- und Forschungsprojekten mit gro\u00dfen Unternehmen beteiligt. Er ist au\u00dferdem Mitglied einer Industriearbeitsgruppe, in der Strategieverantwortliche von Unternehmen wie Bosch, BP, Daimler, Deutsche Telekom und Siemens zusammenkommen, um die neuesten Trends und Herausforderungen zu diskutieren.<\/div>\r\n            <\/div>\r\n                    <div class=\"ct-accordion-item \">\r\n                <div class=\"ct-ac-title \" data-target=\"#ab1a435ct_accordion-d3d5cd6\">\r\n                    <span class=\"ct-ac-title-text\">Hajo Reijers<\/span>\r\n                <\/div>\r\n                <div id=\"ab1a435ct_accordion-d3d5cd6\" class=\"ct-ac-content\">Er ist Professor f\u00fcr Wirtschaftsinformatik. Er hat einen Doktortitel in Informatik, einen M.Sc. in Informatik und einen M.Sc. in Technologie und Gesellschaft (cum laude). Er schrieb seine Doktorarbeit w\u00e4hrend seiner T\u00e4tigkeit als Manager bei Deloitte. Als Berater war er an verschiedenen Reengineering-Projekten und Workflow-System-Implementierungen beteiligt, insbesondere f\u00fcr Beh\u00f6rden und Finanzdienstleister. In den letzten Jahren leitete er auch die Forschungs- und Entwicklungsgruppe f\u00fcr Gesch\u00e4ftsprozessmanagement bei Lexmark.<\/div>\r\n            <\/div>\r\n                    <div class=\"ct-accordion-item \">\r\n                <div class=\"ct-ac-title \" data-target=\"#ff69245ct_accordion-d3d5cd6\">\r\n                    <span class=\"ct-ac-title-text\">Margot Schumacher<\/span>\r\n                <\/div>\r\n                <div id=\"ff69245ct_accordion-d3d5cd6\" class=\"ct-ac-content\">Margot hat eine gro\u00dfe Leidenschaft f\u00fcr Menschen, F\u00fchrung und Organisationsentwicklung und hilft Spitzenteams und Vorst\u00e4nden, sich zu verbessern. Ihre globale Erfahrung gibt ihr ein tiefes Verst\u00e4ndnis f\u00fcr unterschiedliche kulturelle Umgebungen und interkulturelle Herausforderungen. Derzeit ist sie eine Expertin f\u00fcr die Entwicklung von F\u00fchrungskr\u00e4ften und ein erfahrener Coach, der F\u00fchrungskr\u00e4ften hilft, sich beruflich und pers\u00f6nlich in einem internationalen Umfeld weiterzuentwickeln.<\/div>\r\n            <\/div>\r\n                    <div class=\"ct-accordion-item \">\r\n                <div class=\"ct-ac-title \" data-target=\"#a04102act_accordion-d3d5cd6\">\r\n                    <span class=\"ct-ac-title-text\">Martin Smits<\/span>\r\n                <\/div>\r\n                <div id=\"a04102act_accordion-d3d5cd6\" class=\"ct-ac-content\">Er hat einen Doktortitel in Medizin und einen Master-Abschluss in Informationsmanagement und Managementinformationssystemen. Derzeit ist er au\u00dferordentlicher Professor f\u00fcr Informationssysteme und Management und unabh\u00e4ngiger Berater f\u00fcr Informations- und Gesch\u00e4ftsprozessmanagement.<\/div>\r\n            <\/div>\r\n                    <div class=\"ct-accordion-item \">\r\n                <div class=\"ct-ac-title \" data-target=\"#982e290ct_accordion-d3d5cd6\">\r\n                    <span class=\"ct-ac-title-text\">Ab\u00edlio Sousa<\/span>\r\n                <\/div>\r\n                <div id=\"982e290ct_accordion-d3d5cd6\" class=\"ct-ac-content\">Er hat einen Abschluss in Wirtschaftswissenschaften vom Institut f\u00fcr Wirtschaft und Management und arbeitete bis 2012 in den zentralen Diensten der Steuer- und Zollbeh\u00f6rde als Leiter der Abteilung f\u00fcr die Abrechnung der K\u00f6rperschaftssteuer. Derzeit ist er als Ausbilder und Unternehmensberater t\u00e4tig. Er ist Ausbilder f\u00fcr mehrere Institutionen, leitet und koordiniert die gesamte wissenschaftliche und p\u00e4dagogische Komponente der Ausbildungsaktivit\u00e4ten und ist Autor einer Reihe von Artikeln \u00fcber Steuern und Ausbildungshandb\u00fccher.<\/div>\r\n            <\/div>\r\n                    <div class=\"ct-accordion-item \">\r\n                <div class=\"ct-ac-title \" data-target=\"#70a7985ct_accordion-d3d5cd6\">\r\n                    <span class=\"ct-ac-title-text\">Sarka Zapletalova<\/span>\r\n                <\/div>\r\n                <div id=\"70a7985ct_accordion-d3d5cd6\" class=\"ct-ac-content\">Sie ist Doktorandin in Wirtschaftswissenschaften. Ihre Forschungsinteressen umfassen die internationale Mobilit\u00e4t von Produktionsfaktoren, optimale Handelspolitik bei variablem Faktorangebot und verschiedenen Formen von Handelsbeschr\u00e4nkungen, indirekte Steuerreformen, Handels- und Faktorsteuerpolitik mit \u00f6ffentlichen G\u00fctern und \u00f6ffentlichen Inputs, pr\u00e4ferenzielle Handelsabkommen, Auslandshilfe und Umweltfragen im internationalen Handel.<\/div>\r\n            <\/div>\r\n            <\/div>\r\n\t\t<\/div>\n\t\t\t\t<\/div>\n\t\t            <\/div>\n        <\/div>\n                            <\/div>\n        <\/section>\n        \t\t\t\t\t<\/div>\n\t\t","protected":false},"excerpt":{"rendered":"<p>EIFM Dozententeam Auf dieser Seite finden Sie die Dozenten des European Institute of Finance and Management. Philippe Albert Von 1985 bis 1997 arbeitete Philippe beim Finanzamt als (stellvertretender) K\u00f6rperschaftssteuerinspektor. Er promovierte 1995 und ist seit 1997 Direktor des Bureau Vaktechniek Belastingadviseurs, einer Steuerberatungsfirma. Kerstin Alfes Sie verf\u00fcgt \u00fcber 20 Jahre Erfahrung in der Ausbildung von [&hellip;]<\/p>\n","protected":false},"author":1,"featured_media":0,"parent":0,"menu_order":0,"comment_status":"closed","ping_status":"closed","template":"","meta":{"_mi_skip_tracking":false,"_monsterinsights_sitenote_active":false,"_monsterinsights_sitenote_note":"","_monsterinsights_sitenote_category":0},"yoast_head":"<!-- This site is optimized with the Yoast SEO Premium plugin v16.1 - https:\/\/yoast.com\/wordpress\/plugins\/seo\/ -->\n<title>Dozententeam - European Institute of Finance and Management<\/title>\n<link rel=\"canonical\" href=\"https:\/\/eifm.eu\/lecturing-team\/\" \/>\n<meta property=\"og:locale\" content=\"de_DE\" \/>\n<meta property=\"og:type\" content=\"article\" \/>\n<meta property=\"og:title\" content=\"Dozententeam - European Institute of Finance and Management\" \/>\n<meta property=\"og:description\" content=\"EIFM Dozententeam Auf dieser Seite finden Sie die Dozenten des European Institute of Finance and Management. Philippe Albert Von 1985 bis 1997 arbeitete Philippe beim Finanzamt als (stellvertretender) K\u00f6rperschaftssteuerinspektor. Er promovierte 1995 und ist seit 1997 Direktor des Bureau Vaktechniek Belastingadviseurs, einer Steuerberatungsfirma. Kerstin Alfes Sie verf\u00fcgt \u00fcber 20 Jahre Erfahrung in der Ausbildung von [&hellip;]\" \/>\n<meta property=\"og:url\" content=\"https:\/\/eifm.eu\/lecturing-team\/\" \/>\n<meta property=\"og:site_name\" content=\"European Institute of Finance and Management\" \/>\n<meta property=\"article:publisher\" content=\"https:\/\/www.facebook.com\/EIFM.eu\/\" \/>\n<meta property=\"article:modified_time\" content=\"2022-09-08T15:16:03+00:00\" \/>\n<meta name=\"twitter:card\" content=\"summary_large_image\" \/>\n<meta name=\"twitter:label1\" content=\"Gesch\u00e4tzte Lesezeit\">\n\t<meta name=\"twitter:data1\" content=\"14 Minuten\">\n<script type=\"application\/ld+json\" class=\"yoast-schema-graph\">{\"@context\":\"https:\/\/schema.org\",\"@graph\":[{\"@type\":\"Organization\",\"@id\":\"https:\/\/eifm.eu\/#organization\",\"name\":\"European Institute of Finance and Management\",\"url\":\"https:\/\/eifm.eu\/\",\"sameAs\":[\"https:\/\/www.facebook.com\/EIFM.eu\/\",\"https:\/\/www.linkedin.com\/company\/european-institute-of-finance-and-management\/\"],\"logo\":{\"@type\":\"ImageObject\",\"@id\":\"https:\/\/eifm.eu\/#logo\",\"inLanguage\":\"de-DE\",\"url\":\"https:\/\/eifm.eu\/wp-content\/uploads\/2022\/03\/eifm.png\",\"contentUrl\":\"https:\/\/eifm.eu\/wp-content\/uploads\/2022\/03\/eifm.png\",\"width\":541,\"height\":162,\"caption\":\"European Institute of Finance and Management\"},\"image\":{\"@id\":\"https:\/\/eifm.eu\/#logo\"}},{\"@type\":\"WebSite\",\"@id\":\"https:\/\/eifm.eu\/#website\",\"url\":\"https:\/\/eifm.eu\/\",\"name\":\"European Institute of Finance and Management\",\"description\":\"\",\"publisher\":{\"@id\":\"https:\/\/eifm.eu\/#organization\"},\"potentialAction\":[{\"@type\":\"SearchAction\",\"target\":\"https:\/\/eifm.eu\/?s={search_term_string}\",\"query-input\":\"required name=search_term_string\"}],\"inLanguage\":\"de-DE\"},{\"@type\":\"WebPage\",\"@id\":\"https:\/\/eifm.eu\/lecturing-team\/#webpage\",\"url\":\"https:\/\/eifm.eu\/lecturing-team\/\",\"name\":\"Dozententeam - European Institute of Finance and Management\",\"isPartOf\":{\"@id\":\"https:\/\/eifm.eu\/#website\"},\"datePublished\":\"2022-05-02T07:53:32+00:00\",\"dateModified\":\"2022-09-08T15:16:03+00:00\",\"breadcrumb\":{\"@id\":\"https:\/\/eifm.eu\/lecturing-team\/#breadcrumb\"},\"inLanguage\":\"de-DE\",\"potentialAction\":[{\"@type\":\"ReadAction\",\"target\":[\"https:\/\/eifm.eu\/lecturing-team\/\"]}]},{\"@type\":\"BreadcrumbList\",\"@id\":\"https:\/\/eifm.eu\/lecturing-team\/#breadcrumb\",\"itemListElement\":[{\"@type\":\"ListItem\",\"position\":1,\"item\":{\"@type\":\"WebPage\",\"@id\":\"https:\/\/eifm.eu\/de\/\",\"url\":\"https:\/\/eifm.eu\/de\/\",\"name\":\"Home\"}},{\"@type\":\"ListItem\",\"position\":2,\"item\":{\"@type\":\"WebPage\",\"@id\":\"https:\/\/eifm.eu\/lecturing-team\/\",\"url\":\"https:\/\/eifm.eu\/lecturing-team\/\",\"name\":\"Dozententeam\"}}]}]}<\/script>\n<!-- \/ Yoast SEO Premium plugin. -->","_links":{"self":[{"href":"https:\/\/eifm.eu\/de\/wp-json\/wp\/v2\/pages\/8439"}],"collection":[{"href":"https:\/\/eifm.eu\/de\/wp-json\/wp\/v2\/pages"}],"about":[{"href":"https:\/\/eifm.eu\/de\/wp-json\/wp\/v2\/types\/page"}],"author":[{"embeddable":true,"href":"https:\/\/eifm.eu\/de\/wp-json\/wp\/v2\/users\/1"}],"replies":[{"embeddable":true,"href":"https:\/\/eifm.eu\/de\/wp-json\/wp\/v2\/comments?post=8439"}],"version-history":[{"count":6,"href":"https:\/\/eifm.eu\/de\/wp-json\/wp\/v2\/pages\/8439\/revisions"}],"predecessor-version":[{"id":8979,"href":"https:\/\/eifm.eu\/de\/wp-json\/wp\/v2\/pages\/8439\/revisions\/8979"}],"wp:attachment":[{"href":"https:\/\/eifm.eu\/de\/wp-json\/wp\/v2\/media?parent=8439"}],"curies":[{"name":"wp","href":"https:\/\/api.w.org\/{rel}","templated":true}]}}